{"id":3016,"date":"2019-07-08T17:21:50","date_gmt":"2019-07-08T15:21:50","guid":{"rendered":"https:\/\/immobilier-en-espagne.com\/blog-espagne\/?page_id=3016"},"modified":"2022-11-29T11:04:00","modified_gmt":"2022-11-29T10:04:00","slug":"agences-immobilieres-valence-espagne","status":"publish","type":"page","link":"https:\/\/immobilier-en-espagne.com\/blog-espagne\/agences-immobilieres-valence-espagne\/","title":{"rendered":"Agences immobili\u00e8res \u00e0 Valencia en Espagne"},"content":{"rendered":"\t\t<div data-elementor-type=\"wp-page\" data-elementor-id=\"3016\" class=\"elementor elementor-3016\" data-elementor-post-type=\"page\">\n\t\t\t\t\t\t<section class=\"elementor-section elementor-top-section elementor-element elementor-element-986b8f6 elementor-section-boxed elementor-section-height-default elementor-section-height-default\" data-id=\"986b8f6\" data-element_type=\"section\" data-e-type=\"section\">\n\t\t\t\t\t\t<div class=\"elementor-container elementor-column-gap-default\">\n\t\t\t\t\t<div class=\"elementor-column elementor-col-100 elementor-top-column elementor-element elementor-element-e6b0e72\" data-id=\"e6b0e72\" data-element_type=\"column\" data-e-type=\"column\">\n\t\t\t<div class=\"elementor-widget-wrap elementor-element-populated\">\n\t\t\t\t\t\t<div class=\"elementor-element elementor-element-715ff51 elementor-widget elementor-widget-text-editor\" data-id=\"715ff51\" data-element_type=\"widget\" data-e-type=\"widget\" data-widget_type=\"text-editor.default\">\n\t\t\t\t<div class=\"elementor-widget-container\">\n\t\t\t\t\t\t\t\t\t<nav class=\"breadcrumb\"><a class=\"breadcrumb-item\" href=\"https:\/\/immobilier-en-espagne.com\/\">Immobilier Espagne<\/a> \/\n<a class=\"breadcrumb-item\" href=\"https:\/\/immobilier-en-espagne.com\/blog-espagne\/maisons-a-vendre-en-espagne\/\">Portail Agences immobili\u00e8res<\/a> \/\n<span class=\"breadcrumb-item active\">AGENCES IMMOBILI\u00c8RES VALENCIA<\/span><\/nav>\t\t\t\t\t\t\t\t<\/div>\n\t\t\t\t<\/div>\n\t\t\t\t<div class=\"elementor-element elementor-element-4240707 elementor-headline--style-rotate elementor-widget elementor-widget-animated-headline\" data-id=\"4240707\" data-element_type=\"widget\" data-e-type=\"widget\" data-settings=\"{&quot;headline_style&quot;:&quot;rotate&quot;,&quot;rotating_text&quot;:&quot;EN ESPAGNE&quot;,&quot;animation_type&quot;:&quot;typing&quot;,&quot;loop&quot;:&quot;yes&quot;,&quot;rotate_iteration_delay&quot;:2500}\" data-widget_type=\"animated-headline.default\">\n\t\t\t\t<div class=\"elementor-widget-container\">\n\t\t\t\t\t\t\t<h1 class=\"elementor-headline elementor-headline-animation-type-typing elementor-headline-letters\">\n\t\t\t\t\t<span class=\"elementor-headline-plain-text elementor-headline-text-wrapper\">AGENCES IMMOBILI\u00c8RES A VALENCIA<\/span>\n\t\t\t\t<span class=\"elementor-headline-dynamic-wrapper elementor-headline-text-wrapper\">\n\t\t\t\t\t<span class=\"elementor-headline-dynamic-text elementor-headline-text-active\">\n\t\t\t\tEN&nbsp;ESPAGNE\t\t\t<\/span>\n\t\t\t\t\t\t<\/span>\n\t\t\t\t<\/h1>\n\t\t\t\t\t\t<\/div>\n\t\t\t\t<\/div>\n\t\t\t\t\t<\/div>\n\t\t<\/div>\n\t\t\t\t\t<\/div>\n\t\t<\/section>\n\t\t\t\t<section class=\"elementor-section elementor-top-section elementor-element elementor-element-97b4286 elementor-section-boxed elementor-section-height-default elementor-section-height-default\" data-id=\"97b4286\" data-element_type=\"section\" data-e-type=\"section\" data-settings=\"{&quot;background_background&quot;:&quot;gradient&quot;}\">\n\t\t\t\t\t\t<div class=\"elementor-container elementor-column-gap-no\">\n\t\t\t\t\t<div class=\"elementor-column elementor-col-50 elementor-top-column elementor-element elementor-element-b97c0a7\" data-id=\"b97c0a7\" data-element_type=\"column\" data-e-type=\"column\">\n\t\t\t<div class=\"elementor-widget-wrap elementor-element-populated\">\n\t\t\t\t\t\t<div class=\"elementor-element elementor-element-3eec5e2 elementor-widget elementor-widget-heading\" data-id=\"3eec5e2\" data-element_type=\"widget\" data-e-type=\"widget\" data-widget_type=\"heading.default\">\n\t\t\t\t<div class=\"elementor-widget-container\">\n\t\t\t\t\t<h2 class=\"elementor-heading-title elementor-size-default\">MAISONS ET APPARTEMENTS A VENDRE A VALENCIA EN ESPAGNE\u200b<\/h2>\t\t\t\t<\/div>\n\t\t\t\t<\/div>\n\t\t\t\t<div class=\"elementor-element elementor-element-a797929 elementor-widget elementor-widget-heading\" data-id=\"a797929\" data-element_type=\"widget\" data-e-type=\"widget\" data-widget_type=\"heading.default\">\n\t\t\t\t<div class=\"elementor-widget-container\">\n\t\t\t\t\t<p class=\"elementor-heading-title elementor-size-default\">Toutes les agences immobili\u00e8res de la ville de Valencia en Espagne sont pr\u00e9sents sur cet annuaire pour les personnes d\u00e9sireuses d'acheter un bien immobilier en Espagne.\n\nEnvoyez en 1 clic vos crit\u00e8res de recherche \u00e0 toutes les agences immobili\u00e8res pour  votre demande d'achat d'appartement ou de maison \u00e0 Valencia.\n\nLes agences immobili\u00e8res de Valencia vous proposeront des annonces immobili\u00e8res \u00e0 jour d'appartements ou des maisons \u00e0 vendre.<\/p>\t\t\t\t<\/div>\n\t\t\t\t<\/div>\n\t\t\t\t\t<\/div>\n\t\t<\/div>\n\t\t\t\t<div class=\"elementor-column elementor-col-50 elementor-top-column elementor-element elementor-element-938f2e2\" data-id=\"938f2e2\" data-element_type=\"column\" data-e-type=\"column\">\n\t\t\t<div class=\"elementor-widget-wrap elementor-element-populated\">\n\t\t\t\t\t\t<div class=\"elementor-element elementor-element-c47236d elementor-align-right elementor-tablet-align-right elementor-mobile-align-justify elementor-widget elementor-widget-button\" data-id=\"c47236d\" data-element_type=\"widget\" data-e-type=\"widget\" data-widget_type=\"button.default\">\n\t\t\t\t<div class=\"elementor-widget-container\">\n\t\t\t\t\t\t\t\t\t<div class=\"elementor-button-wrapper\">\n\t\t\t\t\t<a class=\"elementor-button elementor-button-link elementor-size-sm\" href=\"https:\/\/immobilier-en-espagne.com\/blog-espagne\/maisons-a-vendre-en-espagne\/\">\n\t\t\t\t\t\t<span class=\"elementor-button-content-wrapper\">\n\t\t\t\t\t\t<span class=\"elementor-button-icon\">\n\t\t\t\t\t\t\t\t\t<i class=\"fa fa-eye\" aria-hidden=\"true\"><\/i>\n\t\t\t\t\t\t\t<\/span>\n\t\t\t\t\t\t\t\t\t<span class=\"elementor-button-text\">Retour Recherche<\/span>\n\t\t\t\t\t<\/span>\n\t\t\t\t\t<\/a>\n\t\t\t\t<\/div>\n\t\t\t\t\t\t\t\t<\/div>\n\t\t\t\t<\/div>\n\t\t\t\t<div class=\"elementor-element elementor-element-835e63c elementor-align-right elementor-tablet-align-right elementor-mobile-align-justify elementor-widget elementor-widget-button\" data-id=\"835e63c\" data-element_type=\"widget\" data-e-type=\"widget\" data-widget_type=\"button.default\">\n\t\t\t\t<div class=\"elementor-widget-container\">\n\t\t\t\t\t\t\t\t\t<div class=\"elementor-button-wrapper\">\n\t\t\t\t\t<a class=\"elementor-button elementor-button-link elementor-size-sm\" href=\"\/blog-espagne\/contact-toutes-les-agences-de-valencia\">\n\t\t\t\t\t\t<span class=\"elementor-button-content-wrapper\">\n\t\t\t\t\t\t<span class=\"elementor-button-icon\">\n\t\t\t\t\t\t\t\t\t<i class=\"fa fa-th-list\" aria-hidden=\"true\"><\/i>\n\t\t\t\t\t\t\t<\/span>\n\t\t\t\t\t\t\t\t\t<span class=\"elementor-button-text\">Envoi en 1 clic<\/span>\n\t\t\t\t\t<\/span>\n\t\t\t\t\t<\/a>\n\t\t\t\t<\/div>\n\t\t\t\t\t\t\t\t<\/div>\n\t\t\t\t<\/div>\n\t\t\t\t\t<\/div>\n\t\t<\/div>\n\t\t\t\t\t<\/div>\n\t\t<\/section>\n\t\t\t\t<section class=\"elementor-section elementor-top-section elementor-element elementor-element-48050d8 elementor-section-boxed elementor-section-height-default elementor-section-height-default\" data-id=\"48050d8\" data-element_type=\"section\" data-e-type=\"section\">\n\t\t\t\t\t\t<div class=\"elementor-container elementor-column-gap-default\">\n\t\t\t\t\t<div class=\"elementor-column elementor-col-100 elementor-top-column elementor-element elementor-element-e87698b\" data-id=\"e87698b\" data-element_type=\"column\" data-e-type=\"column\">\n\t\t\t<div class=\"elementor-widget-wrap elementor-element-populated\">\n\t\t\t\t\t\t<div class=\"elementor-element elementor-element-c3eb1cc elementor-widget elementor-widget-text-editor\" data-id=\"c3eb1cc\" data-element_type=\"widget\" data-e-type=\"widget\" data-widget_type=\"text-editor.default\">\n\t\t\t\t<div class=\"elementor-widget-container\">\n\t\t\t\t\t\t\t\t\t\n<div id=\"wpbdp-listings-list\" class=\"listings wpbdp-listings-list list wpbdp-grid \">\n\t<div id=\"wpbdp-listing-2868\" class=\"wpbdp-listing-2868 wpbdp-listing excerpt wpbdp-excerpt wpbdp-listing-excerpt wpbdp-listing-plan-id-1 wpbdp-listing-plan-frais_par_defaut wpbdp-listing-category-id-1886 even\" data-breakpoints='{\"medium\": [560,780], \"large\": [780,999999]}' data-breakpoints-class-prefix=\"wpbdp-listing-excerpt\">\n\t\n<div class=\"listing-title\">\n    <h3><a href=\"https:\/\/immobilier-en-espagne.com\/blog-espagne\/maisons-a-vendre-en-espagne\/engel-volkers-valencia\/\" target=\"_blank\" rel=\"noopener\" >Engel &amp; V\u00f6lkers Valencia<\/a><\/h3>\n<\/div>\n\n<div class=\"excerpt-content wpbdp-hide-title\">\n\t\t\n<div class=\"listing-details\">\n\t\t\t\t\t\t<div class=\"wpbdp-field-display wpbdp-field wpbdp-field-value field-display field-value wpbdp-field-evaluation_moyenne wpbdp-field-custom wpbdp-field-type-ratings wpbdp-field-association-custom  wpbdp-rating-info\" ><span class=\"field-label\">Evaluation (moyenne)<\/span> <div class=\"value\"><div class=\"wpbdp-star-group\">\n\t\t\t\t<span class=\"bd-star-rating bd-star-rating-readonly\">\n\t\t\t\t<svg width=\"25\" aria-hidden=\"true\" xmlns=\"http:\/\/www.w3.org\/2000\/svg\" viewBox=\"0 0 576 512\">\n\t\t\t\t\t\t\t\t\t\t<path fill=\"currentColor\" d=\"M259 18l-65 132-146 22c-26 3-37 36-18 54l106 103-25 146c-5 26 23 46 46 33l131-68 131 68c23 13 51-7 46-33l-25-146 106-103c19-18 8-51-18-54l-146-22-65-132a32 32 0 00-58 0z\"\/><\/svg>\n\t\t\t<\/span>\n\t\t\t\t\t\t<span class=\"bd-star-rating bd-star-rating-readonly\">\n\t\t\t\t<svg width=\"25\" aria-hidden=\"true\" xmlns=\"http:\/\/www.w3.org\/2000\/svg\" viewBox=\"0 0 576 512\">\n\t\t\t\t\t\t\t\t\t\t<path fill=\"currentColor\" d=\"M259 18l-65 132-146 22c-26 3-37 36-18 54l106 103-25 146c-5 26 23 46 46 33l131-68 131 68c23 13 51-7 46-33l-25-146 106-103c19-18 8-51-18-54l-146-22-65-132a32 32 0 00-58 0z\"\/><\/svg>\n\t\t\t<\/span>\n\t\t\t\t\t\t<span class=\"bd-star-rating bd-star-rating-readonly\">\n\t\t\t\t<svg width=\"25\" aria-hidden=\"true\" xmlns=\"http:\/\/www.w3.org\/2000\/svg\" viewBox=\"0 0 576 512\">\n\t\t\t\t\t\t\t\t\t\t<path fill=\"currentColor\" d=\"M259 18l-65 132-146 22c-26 3-37 36-18 54l106 103-25 146c-5 26 23 46 46 33l131-68 131 68c23 13 51-7 46-33l-25-146 106-103c19-18 8-51-18-54l-146-22-65-132a32 32 0 00-58 0z\"\/><\/svg>\n\t\t\t<\/span>\n\t\t\t\t\t\t<span class=\"bd-star-rating bd-star-rating-readonly\">\n\t\t\t\t<svg width=\"25\" aria-hidden=\"true\" xmlns=\"http:\/\/www.w3.org\/2000\/svg\" viewBox=\"0 0 576 512\">\n\t\t\t\t\t\t\t\t\t\t<path fill=\"currentColor\" d=\"M259 18l-65 132-146 22c-26 3-37 36-18 54l106 103-25 146c-5 26 23 46 46 33l131-68 131 68c23 13 51-7 46-33l-25-146 106-103c19-18 8-51-18-54l-146-22-65-132a32 32 0 00-58 0z\"\/><\/svg>\n\t\t\t<\/span>\n\t\t\t\t\t\t<span class=\"bd-star-rating bd-star-rating-readonly\">\n\t\t\t\t<svg width=\"25\" aria-hidden=\"true\" xmlns=\"http:\/\/www.w3.org\/2000\/svg\" viewBox=\"0 0 576 512\">\n\t\t\t\t\t\t\t\t\t\t<path fill=\"currentColor\" d=\"M259 18l-65 132-146 22c-26 3-37 36-18 54l106 103-25 146c-5 26 23 46 46 33l131-68 131 68c23 13 51-7 46-33l-25-146 106-103c19-18 8-51-18-54l-146-22-65-132a32 32 0 00-58 0z\"\/><\/svg>\n\t\t\t<\/span>\n\t\t\t    <\/div>\n<div style=\"clear:both\"><\/div>\n<span class=\"count\">(<span class=\"val\">0<\/span>)<\/span><\/div><\/div>\t\t\t\t\t\t\t\t<div class=\"wpbdp-field-display wpbdp-field wpbdp-field-value field-display field-value wpbdp-field-nom_de_lagence_immobiliere_ wpbdp-field-title wpbdp-field-type-textfield wpbdp-field-association-title  \" ><span class=\"field-label\">NOM DE L&#039;AGENCE IMMOBILIERE <\/span> <div class=\"value\"><a href=\"https:\/\/immobilier-en-espagne.com\/blog-espagne\/maisons-a-vendre-en-espagne\/engel-volkers-valencia\/\" target=\"_blank\" rel=\"noopener\" >Engel &amp; V\u00f6lkers Valencia<\/a><\/div><\/div>\t\t\t\t\t\t\t\t\t\t\t\t\t\t\t\t<div class=\"wpbdp-field-display wpbdp-field wpbdp-field-value field-display field-value wpbdp-field-description_de_lagence_immobiliere_espagnole wpbdp-field-meta wpbdp-field-type-textarea wpbdp-field-association-meta  \" ><span class=\"field-label\">Description de l&#039;agence immobili\u00e8re espagnole<\/span> <div class=\"value\">Agence immobili\u00e8re Engel &amp; V\u00f6lkers \u00e0 Valence en Espagne. Maison et appartement \u00e0 vendre et acheter.<\/div><\/div>\t\t\t\t\t\t\t\t<div class=\"wpbdp-field-display wpbdp-field wpbdp-field-value field-display field-value wpbdp-field-site_web_agence_immobiliere wpbdp-field-meta wpbdp-field-type-url wpbdp-field-association-meta  \" ><span class=\"field-label\">Site web agence immobiliere<\/span> <div class=\"value\"><a href=\"https:\/\/www.engelvoelkers.com\/es-es\/valencia\" rel=\"\" target=\"_self\" title=\"https:\/\/www.engelvoelkers.com\/es-es\/valencia\">https:\/\/www.engelvoelkers.com\/es-es\/valencia<\/a><\/div><\/div>\t\t\t\t\t\t\t\t<div class=\"wpbdp-field-display wpbdp-field wpbdp-field-value field-display field-value wpbdp-field-numero_de_telephone_de_lagence wpbdp-field-meta wpbdp-field-type-phone_number wpbdp-field-association-meta  \" ><span class=\"field-label\">Num\u00e9ro de t\u00e9l\u00e9phone de l&#039;agence<\/span> <div class=\"value\"><a href=\"tel:+34 963 51 78 97\">+34 963 51 78 97<\/a><\/div><\/div>\t\t\t\t\t\t\t\t\t\t\t\t\t\t\t\t<div class=\"wpbdp-field-display wpbdp-field wpbdp-field-value field-display field-value wpbdp-field-mots_cles wpbdp-field-meta wpbdp-field-type-textfield wpbdp-field-association-meta  \" ><span class=\"field-label\">Mots cl\u00e9s<\/span> <div class=\"value\">valencia, Engel &#038; V\u00f6lkers, valence<\/div><\/div>\t\t\t\t\t\t\t<div class=\"address-info wpbdp-field-display wpbdp-field wpbdp-field-value\">\n\t\t\t\t<span class=\"field-label address-label\">Adresse<\/span> \t\t\t<div>Carrer de Llu\u00eds Vives, 6, puerta 4, 46003 Val\u00e8ncia, Espagne<br \/> 46003<\/div>\n\t\t<\/div>\n\t\t\t\t\t\t\t\t\t\t\t\t\t\t\t\t<div class=\"wpbdp-field-display wpbdp-field wpbdp-field-value field-display field-value wpbdp-field-pays wpbdp-field-region wpbdp-field-type-select wpbdp-field-association-region  \" ><span class=\"field-label\">Pays<\/span> <div class=\"value\">ESPAGNE<\/div><\/div>\t\t\t\t\t\t\t\t<div class=\"wpbdp-field-display wpbdp-field wpbdp-field-value field-display field-value wpbdp-field-communautes_autonomes_espagne wpbdp-field-region wpbdp-field-type-select wpbdp-field-association-region  \" ><span class=\"field-label\">Communaut\u00e9s autonomes Espagne<\/span> <div class=\"value\">VALENCE COMMUNAUTE<\/div><\/div>\t\t\t\t\t\t\t\t<div class=\"wpbdp-field-display wpbdp-field wpbdp-field-value field-display field-value wpbdp-field-provinces wpbdp-field-region wpbdp-field-type-select wpbdp-field-association-region  \" ><span class=\"field-label\">Provinces<\/span> <div class=\"value\">Valence<\/div><\/div>\t\t\t\t\t\t\t\t\t\t\t\t\t\t\t\t<div class=\"wpbdp-field-display wpbdp-field wpbdp-field-value field-display field-value wpbdp-field-villes wpbdp-field-region wpbdp-field-type-select wpbdp-field-association-region  \" ><span class=\"field-label\">Villes<\/span> <div class=\"value\">Valence Ville<\/div><\/div>\t\t\t\t\t\t\t\t\t\t\t\n\t\t<\/div>\n<\/div>\n<\/div>\n<div id=\"wpbdp-listing-3581\" class=\"wpbdp-listing-3581 wpbdp-listing excerpt wpbdp-excerpt wpbdp-listing-excerpt wpbdp-listing-plan-id-1 wpbdp-listing-plan-frais_par_defaut wpbdp-listing-category-id-1886 odd\" data-breakpoints='{\"medium\": [560,780], \"large\": [780,999999]}' data-breakpoints-class-prefix=\"wpbdp-listing-excerpt\">\n\t\n<div class=\"listing-title\">\n    <h3><a href=\"https:\/\/immobilier-en-espagne.com\/blog-espagne\/maisons-a-vendre-en-espagne\/agence-immobiliere-expercasa-valencia\/\" target=\"_blank\" rel=\"noopener\" >Expercasa<\/a><\/h3>\n<\/div>\n\n<div class=\"excerpt-content wpbdp-hide-title\">\n\t\t<div class=\"listing-thumbnail\"><a href=\"https:\/\/immobilier-en-espagne.com\/blog-espagne\/maisons-a-vendre-en-espagne\/agence-immobiliere-expercasa-valencia\/\" target=\"_blank\" class=\"\" title=\"\" rel=\"noopener noreferrer\"><img decoding=\"async\" width=\"150\" height=\"60\" src=\"https:\/\/immobilier-en-espagne.com\/blog-espagne\/wp-content\/uploads\/2019\/09\/expercasa-valencia-espagne-150x60.jpg\" class=\"attachment-wpbdp-thumb wpbdmthumbs wpbdp-excerpt-thumbnail wpbdp-thumbnail\" alt=\"Expercasa\" title=\"Expercasa\" srcset=\"https:\/\/immobilier-en-espagne.com\/blog-espagne\/wp-content\/uploads\/2019\/09\/expercasa-valencia-espagne-150x60.jpg 150w, https:\/\/immobilier-en-espagne.com\/blog-espagne\/wp-content\/uploads\/2019\/09\/expercasa-valencia-espagne-300x121.jpg 300w, https:\/\/immobilier-en-espagne.com\/blog-espagne\/wp-content\/uploads\/2019\/09\/expercasa-valencia-espagne-230x92.jpg 230w, https:\/\/immobilier-en-espagne.com\/blog-espagne\/wp-content\/uploads\/2019\/09\/expercasa-valencia-espagne-350x141.jpg 350w, https:\/\/immobilier-en-espagne.com\/blog-espagne\/wp-content\/uploads\/2019\/09\/expercasa-valencia-espagne.jpg 373w\" sizes=\"(max-width: 150px) 100vw, 150px\" \/><\/a><\/div>\n<div class=\"listing-details\">\n\t\t\t\t\t\t<div class=\"wpbdp-field-display wpbdp-field wpbdp-field-value field-display field-value wpbdp-field-evaluation_moyenne wpbdp-field-custom wpbdp-field-type-ratings wpbdp-field-association-custom  wpbdp-rating-info\" ><span class=\"field-label\">Evaluation (moyenne)<\/span> <div class=\"value\"><div class=\"wpbdp-star-group\">\n\t\t\t\t<span class=\"bd-star-rating bd-star-rating-readonly\">\n\t\t\t\t<svg width=\"25\" aria-hidden=\"true\" xmlns=\"http:\/\/www.w3.org\/2000\/svg\" viewBox=\"0 0 576 512\">\n\t\t\t\t\t\t\t\t\t\t<path fill=\"currentColor\" d=\"M259 18l-65 132-146 22c-26 3-37 36-18 54l106 103-25 146c-5 26 23 46 46 33l131-68 131 68c23 13 51-7 46-33l-25-146 106-103c19-18 8-51-18-54l-146-22-65-132a32 32 0 00-58 0z\"\/><\/svg>\n\t\t\t<\/span>\n\t\t\t\t\t\t<span class=\"bd-star-rating bd-star-rating-readonly\">\n\t\t\t\t<svg width=\"25\" aria-hidden=\"true\" xmlns=\"http:\/\/www.w3.org\/2000\/svg\" viewBox=\"0 0 576 512\">\n\t\t\t\t\t\t\t\t\t\t<path fill=\"currentColor\" d=\"M259 18l-65 132-146 22c-26 3-37 36-18 54l106 103-25 146c-5 26 23 46 46 33l131-68 131 68c23 13 51-7 46-33l-25-146 106-103c19-18 8-51-18-54l-146-22-65-132a32 32 0 00-58 0z\"\/><\/svg>\n\t\t\t<\/span>\n\t\t\t\t\t\t<span class=\"bd-star-rating bd-star-rating-readonly\">\n\t\t\t\t<svg width=\"25\" aria-hidden=\"true\" xmlns=\"http:\/\/www.w3.org\/2000\/svg\" viewBox=\"0 0 576 512\">\n\t\t\t\t\t\t\t\t\t\t<path fill=\"currentColor\" d=\"M259 18l-65 132-146 22c-26 3-37 36-18 54l106 103-25 146c-5 26 23 46 46 33l131-68 131 68c23 13 51-7 46-33l-25-146 106-103c19-18 8-51-18-54l-146-22-65-132a32 32 0 00-58 0z\"\/><\/svg>\n\t\t\t<\/span>\n\t\t\t\t\t\t<span class=\"bd-star-rating bd-star-rating-readonly\">\n\t\t\t\t<svg width=\"25\" aria-hidden=\"true\" xmlns=\"http:\/\/www.w3.org\/2000\/svg\" viewBox=\"0 0 576 512\">\n\t\t\t\t\t\t\t\t\t\t<path fill=\"currentColor\" d=\"M259 18l-65 132-146 22c-26 3-37 36-18 54l106 103-25 146c-5 26 23 46 46 33l131-68 131 68c23 13 51-7 46-33l-25-146 106-103c19-18 8-51-18-54l-146-22-65-132a32 32 0 00-58 0z\"\/><\/svg>\n\t\t\t<\/span>\n\t\t\t\t\t\t<span class=\"bd-star-rating bd-star-rating-readonly\">\n\t\t\t\t<svg width=\"25\" aria-hidden=\"true\" xmlns=\"http:\/\/www.w3.org\/2000\/svg\" viewBox=\"0 0 576 512\">\n\t\t\t\t\t\t\t\t\t\t<path fill=\"currentColor\" d=\"M259 18l-65 132-146 22c-26 3-37 36-18 54l106 103-25 146c-5 26 23 46 46 33l131-68 131 68c23 13 51-7 46-33l-25-146 106-103c19-18 8-51-18-54l-146-22-65-132a32 32 0 00-58 0z\"\/><\/svg>\n\t\t\t<\/span>\n\t\t\t    <\/div>\n<div style=\"clear:both\"><\/div>\n<span class=\"count\">(<span class=\"val\">0<\/span>)<\/span><\/div><\/div>\t\t\t\t\t\t\t\t<div class=\"wpbdp-field-display wpbdp-field wpbdp-field-value field-display field-value wpbdp-field-nom_de_lagence_immobiliere_ wpbdp-field-title wpbdp-field-type-textfield wpbdp-field-association-title  \" ><span class=\"field-label\">NOM DE L&#039;AGENCE IMMOBILIERE <\/span> <div class=\"value\"><a href=\"https:\/\/immobilier-en-espagne.com\/blog-espagne\/maisons-a-vendre-en-espagne\/agence-immobiliere-expercasa-valencia\/\" target=\"_blank\" rel=\"noopener\" >Expercasa<\/a><\/div><\/div>\t\t\t\t\t\t\t\t\t\t\t\t\t\t\t\t<div class=\"wpbdp-field-display wpbdp-field wpbdp-field-value field-display field-value wpbdp-field-description_de_lagence_immobiliere_espagnole wpbdp-field-meta wpbdp-field-type-textarea wpbdp-field-association-meta  \" ><span class=\"field-label\">Description de l&#039;agence immobili\u00e8re espagnole<\/span> <div class=\"value\">Agence immobili\u00e8re Expercasa \u00e0 Valencia en Espagne. Maison et appartement \u00e0 vendre et acheter. Annonces immobili\u00e8res \u00e0 Valencia dans le quartier de Jesus<\/div><\/div>\t\t\t\t\t\t\t\t<div class=\"wpbdp-field-display wpbdp-field wpbdp-field-value field-display field-value wpbdp-field-site_web_agence_immobiliere wpbdp-field-meta wpbdp-field-type-url wpbdp-field-association-meta  \" ><span class=\"field-label\">Site web agence immobiliere<\/span> <div class=\"value\"><a href=\"https:\/\/www.expercasa.com\/\" rel=\"\" target=\"_self\" title=\"https:\/\/www.expercasa.com\/\">https:\/\/www.expercasa.com\/<\/a><\/div><\/div>\t\t\t\t\t\t\t\t<div class=\"wpbdp-field-display wpbdp-field wpbdp-field-value field-display field-value wpbdp-field-numero_de_telephone_de_lagence wpbdp-field-meta wpbdp-field-type-phone_number wpbdp-field-association-meta  \" ><span class=\"field-label\">Num\u00e9ro de t\u00e9l\u00e9phone de l&#039;agence<\/span> <div class=\"value\"><a href=\"tel:+34 960 03 73 45\">+34 960 03 73 45<\/a><\/div><\/div>\t\t\t\t\t\t\t\t\t\t\t\t\t\t\t\t<div class=\"wpbdp-field-display wpbdp-field wpbdp-field-value field-display field-value wpbdp-field-mots_cles wpbdp-field-meta wpbdp-field-type-textfield wpbdp-field-association-meta  \" ><span class=\"field-label\">Mots cl\u00e9s<\/span> <div class=\"value\">valencia, valence, costa Valencia, jesus<\/div><\/div>\t\t\t\t\t\t\t<div class=\"address-info wpbdp-field-display wpbdp-field wpbdp-field-value\">\n\t\t\t\t<span class=\"field-label address-label\">Adresse<\/span> \t\t\t<div>Carrer dels Carters, 14 bajo, 46017 Val\u00e8ncia, Espa\u00f1a<br \/> 46017<\/div>\n\t\t<\/div>\n\t\t\t\t\t\t\t\t\t\t\t\t\t\t\t\t<div class=\"wpbdp-field-display wpbdp-field wpbdp-field-value field-display field-value wpbdp-field-pays wpbdp-field-region wpbdp-field-type-select wpbdp-field-association-region  \" ><span class=\"field-label\">Pays<\/span> <div class=\"value\">ESPAGNE<\/div><\/div>\t\t\t\t\t\t\t\t<div class=\"wpbdp-field-display wpbdp-field wpbdp-field-value field-display field-value wpbdp-field-communautes_autonomes_espagne wpbdp-field-region wpbdp-field-type-select wpbdp-field-association-region  \" ><span class=\"field-label\">Communaut\u00e9s autonomes Espagne<\/span> <div class=\"value\">VALENCE COMMUNAUTE<\/div><\/div>\t\t\t\t\t\t\t\t<div class=\"wpbdp-field-display wpbdp-field wpbdp-field-value field-display field-value wpbdp-field-provinces wpbdp-field-region wpbdp-field-type-select wpbdp-field-association-region  \" ><span class=\"field-label\">Provinces<\/span> <div class=\"value\">Valence<\/div><\/div>\t\t\t\t\t\t\t\t\t\t\t\t\t\t\t\t<div class=\"wpbdp-field-display wpbdp-field wpbdp-field-value field-display field-value wpbdp-field-villes wpbdp-field-region wpbdp-field-type-select wpbdp-field-association-region  \" ><span class=\"field-label\">Villes<\/span> <div class=\"value\">Valence Ville<\/div><\/div>\t\t\t\t\t\t\t\t\t\t\t\n\t\t<\/div>\n<\/div>\n<\/div>\n<div id=\"wpbdp-listing-3584\" class=\"wpbdp-listing-3584 wpbdp-listing excerpt wpbdp-excerpt wpbdp-listing-excerpt wpbdp-listing-plan-id-1 wpbdp-listing-plan-frais_par_defaut wpbdp-listing-category-id-1886 even\" data-breakpoints='{\"medium\": [560,780], \"large\": [780,999999]}' data-breakpoints-class-prefix=\"wpbdp-listing-excerpt\">\n\t\n<div class=\"listing-title\">\n    <h3><a href=\"https:\/\/immobilier-en-espagne.com\/blog-espagne\/maisons-a-vendre-en-espagne\/agence-immobiliere-inmobiliaria-valencia-al-mar-valencia\/\" target=\"_blank\" rel=\"noopener\" >Inmobiliaria Valencia al Mar<\/a><\/h3>\n<\/div>\n\n<div class=\"excerpt-content wpbdp-hide-title\">\n\t\t<div class=\"listing-thumbnail\"><a href=\"https:\/\/immobilier-en-espagne.com\/blog-espagne\/maisons-a-vendre-en-espagne\/agence-immobiliere-inmobiliaria-valencia-al-mar-valencia\/\" target=\"_blank\" class=\"\" title=\"\" rel=\"noopener noreferrer\"><img decoding=\"async\" width=\"150\" height=\"44\" src=\"https:\/\/immobilier-en-espagne.com\/blog-espagne\/wp-content\/uploads\/2019\/09\/carmin-al-grau-valencia-espagne-150x44.jpg\" class=\"attachment-wpbdp-thumb wpbdmthumbs wpbdp-excerpt-thumbnail wpbdp-thumbnail\" alt=\"Inmobiliaria Valencia al Mar\" title=\"Inmobiliaria Valencia al Mar\" srcset=\"https:\/\/immobilier-en-espagne.com\/blog-espagne\/wp-content\/uploads\/2019\/09\/carmin-al-grau-valencia-espagne-150x44.jpg 150w, https:\/\/immobilier-en-espagne.com\/blog-espagne\/wp-content\/uploads\/2019\/09\/carmin-al-grau-valencia-espagne-300x89.jpg 300w, https:\/\/immobilier-en-espagne.com\/blog-espagne\/wp-content\/uploads\/2019\/09\/carmin-al-grau-valencia-espagne-230x68.jpg 230w, https:\/\/immobilier-en-espagne.com\/blog-espagne\/wp-content\/uploads\/2019\/09\/carmin-al-grau-valencia-espagne-350x103.jpg 350w, https:\/\/immobilier-en-espagne.com\/blog-espagne\/wp-content\/uploads\/2019\/09\/carmin-al-grau-valencia-espagne-480x142.jpg 480w, https:\/\/immobilier-en-espagne.com\/blog-espagne\/wp-content\/uploads\/2019\/09\/carmin-al-grau-valencia-espagne-500x148.jpg 500w, https:\/\/immobilier-en-espagne.com\/blog-espagne\/wp-content\/uploads\/2019\/09\/carmin-al-grau-valencia-espagne.jpg 535w\" sizes=\"(max-width: 150px) 100vw, 150px\" \/><\/a><\/div>\n<div class=\"listing-details\">\n\t\t\t\t\t\t<div class=\"wpbdp-field-display wpbdp-field wpbdp-field-value field-display field-value wpbdp-field-evaluation_moyenne wpbdp-field-custom wpbdp-field-type-ratings wpbdp-field-association-custom  wpbdp-rating-info\" ><span class=\"field-label\">Evaluation (moyenne)<\/span> <div class=\"value\"><div class=\"wpbdp-star-group\">\n\t\t\t\t<span class=\"bd-star-rating bd-star-rating-readonly\">\n\t\t\t\t<svg width=\"25\" aria-hidden=\"true\" xmlns=\"http:\/\/www.w3.org\/2000\/svg\" viewBox=\"0 0 576 512\">\n\t\t\t\t\t\t\t\t\t\t<path fill=\"currentColor\" d=\"M259 18l-65 132-146 22c-26 3-37 36-18 54l106 103-25 146c-5 26 23 46 46 33l131-68 131 68c23 13 51-7 46-33l-25-146 106-103c19-18 8-51-18-54l-146-22-65-132a32 32 0 00-58 0z\"\/><\/svg>\n\t\t\t<\/span>\n\t\t\t\t\t\t<span class=\"bd-star-rating bd-star-rating-readonly\">\n\t\t\t\t<svg width=\"25\" aria-hidden=\"true\" xmlns=\"http:\/\/www.w3.org\/2000\/svg\" viewBox=\"0 0 576 512\">\n\t\t\t\t\t\t\t\t\t\t<path fill=\"currentColor\" d=\"M259 18l-65 132-146 22c-26 3-37 36-18 54l106 103-25 146c-5 26 23 46 46 33l131-68 131 68c23 13 51-7 46-33l-25-146 106-103c19-18 8-51-18-54l-146-22-65-132a32 32 0 00-58 0z\"\/><\/svg>\n\t\t\t<\/span>\n\t\t\t\t\t\t<span class=\"bd-star-rating bd-star-rating-readonly\">\n\t\t\t\t<svg width=\"25\" aria-hidden=\"true\" xmlns=\"http:\/\/www.w3.org\/2000\/svg\" viewBox=\"0 0 576 512\">\n\t\t\t\t\t\t\t\t\t\t<path fill=\"currentColor\" d=\"M259 18l-65 132-146 22c-26 3-37 36-18 54l106 103-25 146c-5 26 23 46 46 33l131-68 131 68c23 13 51-7 46-33l-25-146 106-103c19-18 8-51-18-54l-146-22-65-132a32 32 0 00-58 0z\"\/><\/svg>\n\t\t\t<\/span>\n\t\t\t\t\t\t<span class=\"bd-star-rating bd-star-rating-readonly\">\n\t\t\t\t<svg width=\"25\" aria-hidden=\"true\" xmlns=\"http:\/\/www.w3.org\/2000\/svg\" viewBox=\"0 0 576 512\">\n\t\t\t\t\t\t\t\t\t\t<path fill=\"currentColor\" d=\"M259 18l-65 132-146 22c-26 3-37 36-18 54l106 103-25 146c-5 26 23 46 46 33l131-68 131 68c23 13 51-7 46-33l-25-146 106-103c19-18 8-51-18-54l-146-22-65-132a32 32 0 00-58 0z\"\/><\/svg>\n\t\t\t<\/span>\n\t\t\t\t\t\t<span class=\"bd-star-rating bd-star-rating-readonly\">\n\t\t\t\t<svg width=\"25\" aria-hidden=\"true\" xmlns=\"http:\/\/www.w3.org\/2000\/svg\" viewBox=\"0 0 576 512\">\n\t\t\t\t\t\t\t\t\t\t<path fill=\"currentColor\" d=\"M259 18l-65 132-146 22c-26 3-37 36-18 54l106 103-25 146c-5 26 23 46 46 33l131-68 131 68c23 13 51-7 46-33l-25-146 106-103c19-18 8-51-18-54l-146-22-65-132a32 32 0 00-58 0z\"\/><\/svg>\n\t\t\t<\/span>\n\t\t\t    <\/div>\n<div style=\"clear:both\"><\/div>\n<span class=\"count\">(<span class=\"val\">0<\/span>)<\/span><\/div><\/div>\t\t\t\t\t\t\t\t<div class=\"wpbdp-field-display wpbdp-field wpbdp-field-value field-display field-value wpbdp-field-nom_de_lagence_immobiliere_ wpbdp-field-title wpbdp-field-type-textfield wpbdp-field-association-title  \" ><span class=\"field-label\">NOM DE L&#039;AGENCE IMMOBILIERE <\/span> <div class=\"value\"><a href=\"https:\/\/immobilier-en-espagne.com\/blog-espagne\/maisons-a-vendre-en-espagne\/agence-immobiliere-inmobiliaria-valencia-al-mar-valencia\/\" target=\"_blank\" rel=\"noopener\" >Inmobiliaria Valencia al Mar<\/a><\/div><\/div>\t\t\t\t\t\t\t\t\t\t\t\t\t\t\t\t<div class=\"wpbdp-field-display wpbdp-field wpbdp-field-value field-display field-value wpbdp-field-description_de_lagence_immobiliere_espagnole wpbdp-field-meta wpbdp-field-type-textarea wpbdp-field-association-meta  \" ><span class=\"field-label\">Description de l&#039;agence immobili\u00e8re espagnole<\/span> <div class=\"value\">Agence immobili\u00e8re Inmobiliaria Valencia al Mar \u00e0 Valencia en Espagne. Maison et appartement \u00e0 vendre et acheter. Annonces immobili\u00e8res \u00e0 Valencia dans le quartier de Carmins al Grau<\/div><\/div>\t\t\t\t\t\t\t\t<div class=\"wpbdp-field-display wpbdp-field wpbdp-field-value field-display field-value wpbdp-field-site_web_agence_immobiliere wpbdp-field-meta wpbdp-field-type-url wpbdp-field-association-meta  \" ><span class=\"field-label\">Site web agence immobiliere<\/span> <div class=\"value\"><a href=\"https:\/\/www.valenciaalmar.com\/\" rel=\"\" target=\"_self\" title=\"https:\/\/www.valenciaalmar.com\/\">https:\/\/www.valenciaalmar.com\/<\/a><\/div><\/div>\t\t\t\t\t\t\t\t<div class=\"wpbdp-field-display wpbdp-field wpbdp-field-value field-display field-value wpbdp-field-numero_de_telephone_de_lagence wpbdp-field-meta wpbdp-field-type-phone_number wpbdp-field-association-meta  \" ><span class=\"field-label\">Num\u00e9ro de t\u00e9l\u00e9phone de l&#039;agence<\/span> <div class=\"value\"><a href=\"tel:+34 963 30 07 08\">+34 963 30 07 08<\/a><\/div><\/div>\t\t\t\t\t\t\t\t\t\t\t\t\t\t\t\t<div class=\"wpbdp-field-display wpbdp-field wpbdp-field-value field-display field-value wpbdp-field-mots_cles wpbdp-field-meta wpbdp-field-type-textfield wpbdp-field-association-meta  \" ><span class=\"field-label\">Mots cl\u00e9s<\/span> <div class=\"value\">valencia, valence, costa Valencia, carmin al grau<\/div><\/div>\t\t\t\t\t\t\t<div class=\"address-info wpbdp-field-display wpbdp-field wpbdp-field-value\">\n\t\t\t\t<span class=\"field-label address-label\">Adresse<\/span> \t\t\t<div>Avinguda del Port, 144, 46023 Valencia, Espa\u00f1a<br \/> 46023<\/div>\n\t\t<\/div>\n\t\t\t\t\t\t\t\t\t\t\t\t\t\t\t\t<div class=\"wpbdp-field-display wpbdp-field wpbdp-field-value field-display field-value wpbdp-field-pays wpbdp-field-region wpbdp-field-type-select wpbdp-field-association-region  \" ><span class=\"field-label\">Pays<\/span> <div class=\"value\">ESPAGNE<\/div><\/div>\t\t\t\t\t\t\t\t<div class=\"wpbdp-field-display wpbdp-field wpbdp-field-value field-display field-value wpbdp-field-communautes_autonomes_espagne wpbdp-field-region wpbdp-field-type-select wpbdp-field-association-region  \" ><span class=\"field-label\">Communaut\u00e9s autonomes Espagne<\/span> <div class=\"value\">VALENCE COMMUNAUTE<\/div><\/div>\t\t\t\t\t\t\t\t<div class=\"wpbdp-field-display wpbdp-field wpbdp-field-value field-display field-value wpbdp-field-provinces wpbdp-field-region wpbdp-field-type-select wpbdp-field-association-region  \" ><span class=\"field-label\">Provinces<\/span> <div class=\"value\">Valence<\/div><\/div>\t\t\t\t\t\t\t\t\t\t\t\t\t\t\t\t<div class=\"wpbdp-field-display wpbdp-field wpbdp-field-value field-display field-value wpbdp-field-villes wpbdp-field-region wpbdp-field-type-select wpbdp-field-association-region  \" ><span class=\"field-label\">Villes<\/span> <div class=\"value\">Valence Ville<\/div><\/div>\t\t\t\t\t\t\t\t\t\t\t\n\t\t<\/div>\n<\/div>\n<\/div>\n<div id=\"wpbdp-listing-3578\" class=\"wpbdp-listing-3578 wpbdp-listing excerpt wpbdp-excerpt wpbdp-listing-excerpt wpbdp-listing-plan-id-1 wpbdp-listing-plan-frais_par_defaut wpbdp-listing-category-id-1886 odd\" data-breakpoints='{\"medium\": [560,780], \"large\": [780,999999]}' data-breakpoints-class-prefix=\"wpbdp-listing-excerpt\">\n\t\n<div class=\"listing-title\">\n    <h3><a href=\"https:\/\/immobilier-en-espagne.com\/blog-espagne\/maisons-a-vendre-en-espagne\/agence-immobiliere-lauria-inmobiliaria-valencia\/\" target=\"_blank\" rel=\"noopener\" >LAURIA INMOBILIARIA<\/a><\/h3>\n<\/div>\n\n<div class=\"excerpt-content wpbdp-hide-title\">\n\t\t<div class=\"listing-thumbnail\"><a href=\"https:\/\/immobilier-en-espagne.com\/blog-espagne\/maisons-a-vendre-en-espagne\/agence-immobiliere-lauria-inmobiliaria-valencia\/\" target=\"_blank\" class=\"\" title=\"\" rel=\"noopener noreferrer\"><img decoding=\"async\" width=\"150\" height=\"49\" src=\"https:\/\/immobilier-en-espagne.com\/blog-espagne\/wp-content\/uploads\/2019\/09\/LAURIA-INMOBILIARIA-valencia-espagne-150x49.jpg\" class=\"attachment-wpbdp-thumb wpbdmthumbs wpbdp-excerpt-thumbnail wpbdp-thumbnail\" alt=\"LAURIA INMOBILIARIA\" title=\"LAURIA INMOBILIARIA\" srcset=\"https:\/\/immobilier-en-espagne.com\/blog-espagne\/wp-content\/uploads\/2019\/09\/LAURIA-INMOBILIARIA-valencia-espagne-150x49.jpg 150w, https:\/\/immobilier-en-espagne.com\/blog-espagne\/wp-content\/uploads\/2019\/09\/LAURIA-INMOBILIARIA-valencia-espagne-230x75.jpg 230w, https:\/\/immobilier-en-espagne.com\/blog-espagne\/wp-content\/uploads\/2019\/09\/LAURIA-INMOBILIARIA-valencia-espagne.jpg 296w\" sizes=\"(max-width: 150px) 100vw, 150px\" \/><\/a><\/div>\n<div class=\"listing-details\">\n\t\t\t\t\t\t<div class=\"wpbdp-field-display wpbdp-field wpbdp-field-value field-display field-value wpbdp-field-evaluation_moyenne wpbdp-field-custom wpbdp-field-type-ratings wpbdp-field-association-custom  wpbdp-rating-info\" ><span class=\"field-label\">Evaluation (moyenne)<\/span> <div class=\"value\"><div class=\"wpbdp-star-group\">\n\t\t\t\t<span class=\"bd-star-rating bd-star-rating-readonly\">\n\t\t\t\t<svg width=\"25\" aria-hidden=\"true\" xmlns=\"http:\/\/www.w3.org\/2000\/svg\" viewBox=\"0 0 576 512\">\n\t\t\t\t\t\t\t\t\t\t<path fill=\"currentColor\" d=\"M259 18l-65 132-146 22c-26 3-37 36-18 54l106 103-25 146c-5 26 23 46 46 33l131-68 131 68c23 13 51-7 46-33l-25-146 106-103c19-18 8-51-18-54l-146-22-65-132a32 32 0 00-58 0z\"\/><\/svg>\n\t\t\t<\/span>\n\t\t\t\t\t\t<span class=\"bd-star-rating bd-star-rating-readonly\">\n\t\t\t\t<svg width=\"25\" aria-hidden=\"true\" xmlns=\"http:\/\/www.w3.org\/2000\/svg\" viewBox=\"0 0 576 512\">\n\t\t\t\t\t\t\t\t\t\t<path fill=\"currentColor\" d=\"M259 18l-65 132-146 22c-26 3-37 36-18 54l106 103-25 146c-5 26 23 46 46 33l131-68 131 68c23 13 51-7 46-33l-25-146 106-103c19-18 8-51-18-54l-146-22-65-132a32 32 0 00-58 0z\"\/><\/svg>\n\t\t\t<\/span>\n\t\t\t\t\t\t<span class=\"bd-star-rating bd-star-rating-readonly\">\n\t\t\t\t<svg width=\"25\" aria-hidden=\"true\" xmlns=\"http:\/\/www.w3.org\/2000\/svg\" viewBox=\"0 0 576 512\">\n\t\t\t\t\t\t\t\t\t\t<path fill=\"currentColor\" d=\"M259 18l-65 132-146 22c-26 3-37 36-18 54l106 103-25 146c-5 26 23 46 46 33l131-68 131 68c23 13 51-7 46-33l-25-146 106-103c19-18 8-51-18-54l-146-22-65-132a32 32 0 00-58 0z\"\/><\/svg>\n\t\t\t<\/span>\n\t\t\t\t\t\t<span class=\"bd-star-rating bd-star-rating-readonly\">\n\t\t\t\t<svg width=\"25\" aria-hidden=\"true\" xmlns=\"http:\/\/www.w3.org\/2000\/svg\" viewBox=\"0 0 576 512\">\n\t\t\t\t\t\t\t\t\t\t<path fill=\"currentColor\" d=\"M259 18l-65 132-146 22c-26 3-37 36-18 54l106 103-25 146c-5 26 23 46 46 33l131-68 131 68c23 13 51-7 46-33l-25-146 106-103c19-18 8-51-18-54l-146-22-65-132a32 32 0 00-58 0z\"\/><\/svg>\n\t\t\t<\/span>\n\t\t\t\t\t\t<span class=\"bd-star-rating bd-star-rating-readonly\">\n\t\t\t\t<svg width=\"25\" aria-hidden=\"true\" xmlns=\"http:\/\/www.w3.org\/2000\/svg\" viewBox=\"0 0 576 512\">\n\t\t\t\t\t\t\t\t\t\t<path fill=\"currentColor\" d=\"M259 18l-65 132-146 22c-26 3-37 36-18 54l106 103-25 146c-5 26 23 46 46 33l131-68 131 68c23 13 51-7 46-33l-25-146 106-103c19-18 8-51-18-54l-146-22-65-132a32 32 0 00-58 0z\"\/><\/svg>\n\t\t\t<\/span>\n\t\t\t    <\/div>\n<div style=\"clear:both\"><\/div>\n<span class=\"count\">(<span class=\"val\">0<\/span>)<\/span><\/div><\/div>\t\t\t\t\t\t\t\t<div class=\"wpbdp-field-display wpbdp-field wpbdp-field-value field-display field-value wpbdp-field-nom_de_lagence_immobiliere_ wpbdp-field-title wpbdp-field-type-textfield wpbdp-field-association-title  \" ><span class=\"field-label\">NOM DE L&#039;AGENCE IMMOBILIERE <\/span> <div class=\"value\"><a href=\"https:\/\/immobilier-en-espagne.com\/blog-espagne\/maisons-a-vendre-en-espagne\/agence-immobiliere-lauria-inmobiliaria-valencia\/\" target=\"_blank\" rel=\"noopener\" >LAURIA INMOBILIARIA<\/a><\/div><\/div>\t\t\t\t\t\t\t\t\t\t\t\t\t\t\t\t<div class=\"wpbdp-field-display wpbdp-field wpbdp-field-value field-display field-value wpbdp-field-description_de_lagence_immobiliere_espagnole wpbdp-field-meta wpbdp-field-type-textarea wpbdp-field-association-meta  \" ><span class=\"field-label\">Description de l&#039;agence immobili\u00e8re espagnole<\/span> <div class=\"value\">Agence immobili\u00e8re LAURIA INMOBILIARIA \u00e0 Valencia en Espagne. Maison et appartement \u00e0 vendre et acheter. Annonces immobili\u00e8res \u00e0 Valencia <\/div><\/div>\t\t\t\t\t\t\t\t<div class=\"wpbdp-field-display wpbdp-field wpbdp-field-value field-display field-value wpbdp-field-site_web_agence_immobiliere wpbdp-field-meta wpbdp-field-type-url wpbdp-field-association-meta  \" ><span class=\"field-label\">Site web agence immobiliere<\/span> <div class=\"value\"><a href=\"http:\/\/www.lauria.es\" rel=\"\" target=\"_self\" title=\"http:\/\/www.lauria.es\">http:\/\/www.lauria.es<\/a><\/div><\/div>\t\t\t\t\t\t\t\t<div class=\"wpbdp-field-display wpbdp-field wpbdp-field-value field-display field-value wpbdp-field-numero_de_telephone_de_lagence wpbdp-field-meta wpbdp-field-type-phone_number wpbdp-field-association-meta  \" ><span class=\"field-label\">Num\u00e9ro de t\u00e9l\u00e9phone de l&#039;agence<\/span> <div class=\"value\"><a href=\"tel:+34 963 50 92 87\">+34 963 50 92 87<\/a><\/div><\/div>\t\t\t\t\t\t\t\t\t\t\t\t\t\t\t\t<div class=\"wpbdp-field-display wpbdp-field wpbdp-field-value field-display field-value wpbdp-field-mots_cles wpbdp-field-meta wpbdp-field-type-textfield wpbdp-field-association-meta  \" ><span class=\"field-label\">Mots cl\u00e9s<\/span> <div class=\"value\">valencia, valence, costa Valencia<\/div><\/div>\t\t\t\t\t\t\t<div class=\"address-info wpbdp-field-display wpbdp-field wpbdp-field-value\">\n\t\t\t\t<span class=\"field-label address-label\">Adresse<\/span> \t\t\t<div>Carrer de Roger de Ll\u00f2ria, 3, 46002 Val\u00e8ncia, Espa\u00f1a<br \/> 46002<\/div>\n\t\t<\/div>\n\t\t\t\t\t\t\t\t\t\t\t\t\t\t\t\t<div class=\"wpbdp-field-display wpbdp-field wpbdp-field-value field-display field-value wpbdp-field-pays wpbdp-field-region wpbdp-field-type-select wpbdp-field-association-region  \" ><span class=\"field-label\">Pays<\/span> <div class=\"value\">ESPAGNE<\/div><\/div>\t\t\t\t\t\t\t\t<div class=\"wpbdp-field-display wpbdp-field wpbdp-field-value field-display field-value wpbdp-field-communautes_autonomes_espagne wpbdp-field-region wpbdp-field-type-select wpbdp-field-association-region  \" ><span class=\"field-label\">Communaut\u00e9s autonomes Espagne<\/span> <div class=\"value\">VALENCE COMMUNAUTE<\/div><\/div>\t\t\t\t\t\t\t\t<div class=\"wpbdp-field-display wpbdp-field wpbdp-field-value field-display field-value wpbdp-field-provinces wpbdp-field-region wpbdp-field-type-select wpbdp-field-association-region  \" ><span class=\"field-label\">Provinces<\/span> <div class=\"value\">Valence<\/div><\/div>\t\t\t\t\t\t\t\t\t\t\t\t\t\t\t\t<div class=\"wpbdp-field-display wpbdp-field wpbdp-field-value field-display field-value wpbdp-field-villes wpbdp-field-region wpbdp-field-type-select wpbdp-field-association-region  \" ><span class=\"field-label\">Villes<\/span> <div class=\"value\">Valence Ville<\/div><\/div>\t\t\t\t\t\t\t\t\t\t\t\n\t\t<\/div>\n<\/div>\n<\/div>\n<div class=\"wpbdp-pagination\">\n\t\t\t<span class=\"prev\"><\/span>\n\t\t<span class=\"next\"><\/span>\n\t<\/div>\n<\/div>\n<div class=\"wpbdp-map-container cf\" data-breakpoints='{\"small\": [0,550]}' data-breakpoints-class-prefix=\"wpbdp-map-container\">\n\n<div id=\"wpbdp-map-0\" class=\"wpbdp-map wpbdp-google-map auto\" style=\"\"><\/div>\n\n\n<\/div>\n\t\t\t\t\t\t\t\t<\/div>\n\t\t\t\t<\/div>\n\t\t\t\t\t<\/div>\n\t\t<\/div>\n\t\t\t\t\t<\/div>\n\t\t<\/section>\n\t\t\t\t<section class=\"elementor-section elementor-top-section elementor-element elementor-element-c0a3eec elementor-section-boxed elementor-section-height-default elementor-section-height-default\" data-id=\"c0a3eec\" data-element_type=\"section\" data-e-type=\"section\">\n\t\t\t\t\t\t<div class=\"elementor-container elementor-column-gap-default\">\n\t\t\t\t\t<div class=\"elementor-column elementor-col-100 elementor-top-column elementor-element elementor-element-23f72b3\" data-id=\"23f72b3\" data-element_type=\"column\" data-e-type=\"column\">\n\t\t\t<div class=\"elementor-widget-wrap elementor-element-populated\">\n\t\t\t\t\t\t<div class=\"elementor-element elementor-element-1cd7a1f elementor-widget elementor-widget-text-editor\" data-id=\"1cd7a1f\" data-element_type=\"widget\" data-e-type=\"widget\" data-widget_type=\"text-editor.default\">\n\t\t\t\t<div class=\"elementor-widget-container\">\n\t\t\t\t\t\t\t\t\t<p>Lorsque l\u2019on<a href=\"https:\/\/immobilier-en-espagne.com\/acheter-en-espagne.html\"> ach\u00e8te un bien <strong>immobilier en Espagne<\/strong><\/a> on doit faire appel aux services d\u2019un <strong>cabinet d\u2019<a href=\"https:\/\/immobilier-en-espagne.com\/services-juridiques-immobilier.html\">avocat en Espagne<\/a><\/strong>. En effet, le notaire espagnol ne proc\u00e8de pas aux m\u00eames investigations qu\u2019un notaire en France et c\u2019est l\u2019avocat en Espagne qui se charge de v\u00e9rifier la conformit\u00e9 et la l\u00e9galit\u00e9 du bien immobilier.<\/p>\t\t\t\t\t\t\t\t<\/div>\n\t\t\t\t<\/div>\n\t\t\t\t\t<\/div>\n\t\t<\/div>\n\t\t\t\t\t<\/div>\n\t\t<\/section>\n\t\t\t\t<section class=\"elementor-section elementor-top-section elementor-element elementor-element-6e85f22e elementor-section-stretched elementor-section-boxed elementor-section-height-default elementor-section-height-default\" data-id=\"6e85f22e\" data-element_type=\"section\" data-e-type=\"section\" data-settings=\"{&quot;stretch_section&quot;:&quot;section-stretched&quot;}\">\n\t\t\t\t\t\t<div class=\"elementor-container elementor-column-gap-default\">\n\t\t\t\t\t<div class=\"elementor-column elementor-col-50 elementor-top-column elementor-element elementor-element-162711a1\" data-id=\"162711a1\" data-element_type=\"column\" data-e-type=\"column\">\n\t\t\t<div class=\"elementor-widget-wrap elementor-element-populated\">\n\t\t\t\t\t\t<div class=\"elementor-element elementor-element-4434e837 elementor-view-default elementor-position-block-start elementor-mobile-position-block-start elementor-widget elementor-widget-icon-box\" data-id=\"4434e837\" data-element_type=\"widget\" data-e-type=\"widget\" data-widget_type=\"icon-box.default\">\n\t\t\t\t<div class=\"elementor-widget-container\">\n\t\t\t\t\t\t\t<div class=\"elementor-icon-box-wrapper\">\n\n\t\t\t\t\t\t<div class=\"elementor-icon-box-icon\">\n\t\t\t\t<span  class=\"elementor-icon\">\n\t\t\t\t<i class=\"fa fa-balance-scale\" aria-hidden=\"true\"><\/i>\t\t\t\t<\/span>\n\t\t\t<\/div>\n\t\t\t\n\t\t\t\t\t\t<div class=\"elementor-icon-box-content\">\n\n\t\t\t\t\t\t\t\t\t<h2 class=\"elementor-icon-box-title\">\n\t\t\t\t\t\t<span  >\n\t\t\t\t\t\t\tABOGADOS\t\t\t\t\t\t<\/span>\n\t\t\t\t\t<\/h2>\n\t\t\t\t\n\t\t\t\t\t\t\t\t\t<p class=\"elementor-icon-box-description\">\n\t\t\t\t\t\tAVOCATS SP\u00c9CIALIS\u00c9S EN ACHAT IMMOBILIER SUR TOUTE L'ESPAGNE\t\t\t\t\t<\/p>\n\t\t\t\t\n\t\t\t<\/div>\n\t\t\t\n\t\t<\/div>\n\t\t\t\t\t\t<\/div>\n\t\t\t\t<\/div>\n\t\t\t\t<div class=\"elementor-element elementor-element-1652a5c4 elementor-widget elementor-widget-heading\" data-id=\"1652a5c4\" data-element_type=\"widget\" data-e-type=\"widget\" data-widget_type=\"heading.default\">\n\t\t\t\t<div class=\"elementor-widget-container\">\n\t\t\t\t\t<p class=\"elementor-heading-title elementor-size-large\"><a href=\"https:\/\/immobilier-en-espagne.com\/services-juridiques-immobilier.html\">EN SAVOIR + <\/a><\/p>\t\t\t\t<\/div>\n\t\t\t\t<\/div>\n\t\t\t\t\t<\/div>\n\t\t<\/div>\n\t\t\t\t<div class=\"elementor-column elementor-col-50 elementor-top-column elementor-element elementor-element-10215d21\" data-id=\"10215d21\" data-element_type=\"column\" data-e-type=\"column\">\n\t\t\t<div class=\"elementor-widget-wrap elementor-element-populated\">\n\t\t\t\t\t\t<div class=\"elementor-element elementor-element-726a84f0 elementor-view-default elementor-position-block-start elementor-mobile-position-block-start elementor-widget elementor-widget-icon-box\" data-id=\"726a84f0\" data-element_type=\"widget\" data-e-type=\"widget\" data-widget_type=\"icon-box.default\">\n\t\t\t\t<div class=\"elementor-widget-container\">\n\t\t\t\t\t\t\t<div class=\"elementor-icon-box-wrapper\">\n\n\t\t\t\t\t\t<div class=\"elementor-icon-box-icon\">\n\t\t\t\t<span  class=\"elementor-icon\">\n\t\t\t\t<i class=\"fa fa-newspaper-o\" aria-hidden=\"true\"><\/i>\t\t\t\t<\/span>\n\t\t\t<\/div>\n\t\t\t\n\t\t\t\t\t\t<div class=\"elementor-icon-box-content\">\n\n\t\t\t\t\t\t\t\t\t<h2 class=\"elementor-icon-box-title\">\n\t\t\t\t\t\t<span  >\n\t\t\t\t\t\t\tFORMALIT\u00c9S\t\t\t\t\t\t<\/span>\n\t\t\t\t\t<\/h2>\n\t\t\t\t\n\t\t\t\t\t\t\t\t\t<p class=\"elementor-icon-box-description\">\n\t\t\t\t\t\tTOUTES LES FORMALIT\u00c9S A EFFECTUER QUAND ON ACH\u00c8TE EN ESPAGNE\n\t\t\t\t\t<\/p>\n\t\t\t\t\n\t\t\t<\/div>\n\t\t\t\n\t\t<\/div>\n\t\t\t\t\t\t<\/div>\n\t\t\t\t<\/div>\n\t\t\t\t<div class=\"elementor-element elementor-element-17ebd08c elementor-widget elementor-widget-heading\" data-id=\"17ebd08c\" data-element_type=\"widget\" data-e-type=\"widget\" data-widget_type=\"heading.default\">\n\t\t\t\t<div class=\"elementor-widget-container\">\n\t\t\t\t\t<p class=\"elementor-heading-title elementor-size-large\"><a href=\"https:\/\/immobilier-en-espagne.com\/formalite-espagne.html\">EN SAVOIR + <\/a><\/p>\t\t\t\t<\/div>\n\t\t\t\t<\/div>\n\t\t\t\t\t<\/div>\n\t\t<\/div>\n\t\t\t\t\t<\/div>\n\t\t<\/section>\n\t\t\t\t<section class=\"elementor-section elementor-top-section elementor-element elementor-element-70691e84 elementor-section-content-middle elementor-section-boxed elementor-section-height-default elementor-section-height-default\" data-id=\"70691e84\" data-element_type=\"section\" data-e-type=\"section\">\n\t\t\t\t\t\t<div class=\"elementor-container elementor-column-gap-no\">\n\t\t\t\t\t<div class=\"elementor-column elementor-col-50 elementor-top-column elementor-element elementor-element-43aa985b\" data-id=\"43aa985b\" data-element_type=\"column\" data-e-type=\"column\">\n\t\t\t<div class=\"elementor-widget-wrap elementor-element-populated\">\n\t\t\t\t\t\t<div class=\"elementor-element elementor-element-c9471d6 elementor-position-inline-start elementor-view-default elementor-mobile-position-block-start elementor-widget elementor-widget-icon-box\" data-id=\"c9471d6\" data-element_type=\"widget\" data-e-type=\"widget\" data-widget_type=\"icon-box.default\">\n\t\t\t\t<div class=\"elementor-widget-container\">\n\t\t\t\t\t\t\t<div class=\"elementor-icon-box-wrapper\">\n\n\t\t\t\t\t\t<div class=\"elementor-icon-box-icon\">\n\t\t\t\t<span  class=\"elementor-icon\">\n\t\t\t\t<i aria-hidden=\"true\" class=\"fas fa-star\"><\/i>\t\t\t\t<\/span>\n\t\t\t<\/div>\n\t\t\t\n\t\t\t\t\t\t<div class=\"elementor-icon-box-content\">\n\n\t\t\t\t\t\t\t\t\t<h3 class=\"elementor-icon-box-title\">\n\t\t\t\t\t\t<span  >\n\t\t\t\t\t\t\timmobilier VALENCIA\t\t\t\t\t\t<\/span>\n\t\t\t\t\t<\/h3>\n\t\t\t\t\n\t\t\t\t\n\t\t\t<\/div>\n\t\t\t\n\t\t<\/div>\n\t\t\t\t\t\t<\/div>\n\t\t\t\t<\/div>\n\t\t\t\t<div class=\"elementor-element elementor-element-14469363 elementor-position-inline-start elementor-view-default elementor-mobile-position-block-start elementor-widget elementor-widget-icon-box\" data-id=\"14469363\" data-element_type=\"widget\" data-e-type=\"widget\" data-widget_type=\"icon-box.default\">\n\t\t\t\t<div class=\"elementor-widget-container\">\n\t\t\t\t\t\t\t<div class=\"elementor-icon-box-wrapper\">\n\n\t\t\t\t\t\t<div class=\"elementor-icon-box-icon\">\n\t\t\t\t<span  class=\"elementor-icon\">\n\t\t\t\t<i aria-hidden=\"true\" class=\"fas fa-star\"><\/i>\t\t\t\t<\/span>\n\t\t\t<\/div>\n\t\t\t\n\t\t\t\t\t\t<div class=\"elementor-icon-box-content\">\n\n\t\t\t\t\t\t\t\t\t<h3 class=\"elementor-icon-box-title\">\n\t\t\t\t\t\t<span  >\n\t\t\t\t\t\t\tappartement VALENCIA\t\t\t\t\t\t<\/span>\n\t\t\t\t\t<\/h3>\n\t\t\t\t\n\t\t\t\t\n\t\t\t<\/div>\n\t\t\t\n\t\t<\/div>\n\t\t\t\t\t\t<\/div>\n\t\t\t\t<\/div>\n\t\t\t\t<div class=\"elementor-element elementor-element-77fd03b9 elementor-position-inline-start elementor-view-default elementor-mobile-position-block-start elementor-widget elementor-widget-icon-box\" data-id=\"77fd03b9\" data-element_type=\"widget\" data-e-type=\"widget\" data-widget_type=\"icon-box.default\">\n\t\t\t\t<div class=\"elementor-widget-container\">\n\t\t\t\t\t\t\t<div class=\"elementor-icon-box-wrapper\">\n\n\t\t\t\t\t\t<div class=\"elementor-icon-box-icon\">\n\t\t\t\t<span  class=\"elementor-icon\">\n\t\t\t\t<i aria-hidden=\"true\" class=\"fas fa-star\"><\/i>\t\t\t\t<\/span>\n\t\t\t<\/div>\n\t\t\t\n\t\t\t\t\t\t<div class=\"elementor-icon-box-content\">\n\n\t\t\t\t\t\t\t\t\t<h3 class=\"elementor-icon-box-title\">\n\t\t\t\t\t\t<span  >\n\t\t\t\t\t\t\tmaison a vendre VALENCIA\t\t\t\t\t\t<\/span>\n\t\t\t\t\t<\/h3>\n\t\t\t\t\n\t\t\t\t\n\t\t\t<\/div>\n\t\t\t\n\t\t<\/div>\n\t\t\t\t\t\t<\/div>\n\t\t\t\t<\/div>\n\t\t\t\t<div class=\"elementor-element elementor-element-5817f90b elementor-position-inline-start elementor-view-default elementor-mobile-position-block-start elementor-widget elementor-widget-icon-box\" data-id=\"5817f90b\" data-element_type=\"widget\" data-e-type=\"widget\" data-widget_type=\"icon-box.default\">\n\t\t\t\t<div class=\"elementor-widget-container\">\n\t\t\t\t\t\t\t<div class=\"elementor-icon-box-wrapper\">\n\n\t\t\t\t\t\t<div class=\"elementor-icon-box-icon\">\n\t\t\t\t<span  class=\"elementor-icon\">\n\t\t\t\t<i aria-hidden=\"true\" class=\"fas fa-star\"><\/i>\t\t\t\t<\/span>\n\t\t\t<\/div>\n\t\t\t\n\t\t\t\t\t\t<div class=\"elementor-icon-box-content\">\n\n\t\t\t\t\t\t\t\t\t<h3 class=\"elementor-icon-box-title\">\n\t\t\t\t\t\t<span  >\n\t\t\t\t\t\t\tagence immobili\u00e8re VALENCIA\t\t\t\t\t\t<\/span>\n\t\t\t\t\t<\/h3>\n\t\t\t\t\n\t\t\t\t\n\t\t\t<\/div>\n\t\t\t\n\t\t<\/div>\n\t\t\t\t\t\t<\/div>\n\t\t\t\t<\/div>\n\t\t\t\t\t<\/div>\n\t\t<\/div>\n\t\t\t\t<div class=\"elementor-column elementor-col-50 elementor-top-column elementor-element elementor-element-195dfe12\" data-id=\"195dfe12\" data-element_type=\"column\" data-e-type=\"column\">\n\t\t\t<div class=\"elementor-widget-wrap elementor-element-populated\">\n\t\t\t\t\t\t<div class=\"elementor-element elementor-element-63c05c97 elementor-widget elementor-widget-image\" data-id=\"63c05c97\" data-element_type=\"widget\" data-e-type=\"widget\" data-widget_type=\"image.default\">\n\t\t\t\t<div class=\"elementor-widget-container\">\n\t\t\t\t\t\t\t\t\t\t\t\t\t\t\t<img loading=\"lazy\" decoding=\"async\" width=\"584\" height=\"590\" src=\"https:\/\/immobilier-en-espagne.com\/blog-espagne\/wp-content\/uploads\/2018\/12\/cathedrale-valence.jpg\" class=\"attachment-full size-full wp-image-1155\" alt=\"\" srcset=\"https:\/\/immobilier-en-espagne.com\/blog-espagne\/wp-content\/uploads\/2018\/12\/cathedrale-valence.jpg 584w, https:\/\/immobilier-en-espagne.com\/blog-espagne\/wp-content\/uploads\/2018\/12\/cathedrale-valence-297x300.jpg 297w, https:\/\/immobilier-en-espagne.com\/blog-espagne\/wp-content\/uploads\/2018\/12\/cathedrale-valence-230x232.jpg 230w, https:\/\/immobilier-en-espagne.com\/blog-espagne\/wp-content\/uploads\/2018\/12\/cathedrale-valence-350x354.jpg 350w, https:\/\/immobilier-en-espagne.com\/blog-espagne\/wp-content\/uploads\/2018\/12\/cathedrale-valence-480x485.jpg 480w\" sizes=\"(max-width: 584px) 100vw, 584px\" \/>\t\t\t\t\t\t\t\t\t\t\t\t\t\t\t<\/div>\n\t\t\t\t<\/div>\n\t\t\t\t\t<\/div>\n\t\t<\/div>\n\t\t\t\t\t<\/div>\n\t\t<\/section>\n\t\t\t\t<\/div>\n\t\t","protected":false},"excerpt":{"rendered":"<p>Immobilier Espagne \/ Portail Agences immobili\u00e8res \/ AGENCES IMMOBILI\u00c8RES VALENCIA AGENCES IMMOBILI\u00c8RES A VALENCIA EN&nbsp;ESPAGNE MAISONS ET APPARTEMENTS A VENDRE A VALENCIA [&hellip;]<\/p>\n","protected":false},"author":1,"featured_media":0,"parent":0,"menu_order":0,"comment_status":"closed","ping_status":"closed","template":"elementor_header_footer","meta":{"footnotes":""},"class_list":["post-3016","page","type-page","status-publish","hentry"],"yoast_head":"<!-- This site is optimized with the Yoast SEO plugin v26.3 - https:\/\/yoast.com\/wordpress\/plugins\/seo\/ -->\n<title>Agences immobili\u00e8res \u00e0 Valencia en Espagne. Achat et Vente.<\/title>\n<meta name=\"description\" content=\"Retrouvez toutes les agences immobili\u00e8res \u00e0 Valencia en Espagne. Achat et vente de maisons, d&#039;appartements \u00e0 vendre \u00e0 Valencia en Espagne.\" \/>\n<meta name=\"robots\" content=\"index, follow, max-snippet:-1, max-image-preview:large, max-video-preview:-1\" \/>\n<link rel=\"canonical\" href=\"https:\/\/immobilier-en-espagne.com\/blog-espagne\/agences-immobilieres-valence-espagne\/\" \/>\n<meta property=\"og:locale\" content=\"fr_FR\" \/>\n<meta property=\"og:type\" content=\"article\" \/>\n<meta property=\"og:title\" content=\"Agences immobili\u00e8res \u00e0 Valencia en Espagne. Achat et Vente.\" \/>\n<meta property=\"og:description\" content=\"Retrouvez toutes les agences immobili\u00e8res \u00e0 Valencia en Espagne. Achat et vente de maisons, d&#039;appartements \u00e0 vendre \u00e0 Valencia en Espagne.\" \/>\n<meta property=\"og:url\" content=\"https:\/\/immobilier-en-espagne.com\/blog-espagne\/agences-immobilieres-valence-espagne\/\" \/>\n<meta property=\"og:site_name\" content=\"Acheter en Espagne\" \/>\n<meta property=\"article:publisher\" content=\"https:\/\/www.facebook.com\/acheterenespagne\/\" \/>\n<meta property=\"article:modified_time\" content=\"2022-11-29T10:04:00+00:00\" \/>\n<meta property=\"og:image\" content=\"https:\/\/immobilier-en-espagne.com\/blog-espagne\/wp-content\/uploads\/2018\/12\/cathedrale-valence.jpg\" \/>\n<meta name=\"twitter:card\" content=\"summary_large_image\" \/>\n<meta name=\"twitter:label1\" content=\"Dur\u00e9e de lecture estim\u00e9e\" \/>\n\t<meta name=\"twitter:data1\" content=\"2 minutes\" \/>\n<script type=\"application\/ld+json\" class=\"yoast-schema-graph\">{\"@context\":\"https:\/\/schema.org\",\"@graph\":[{\"@type\":\"WebPage\",\"@id\":\"https:\/\/immobilier-en-espagne.com\/blog-espagne\/agences-immobilieres-valence-espagne\/\",\"url\":\"https:\/\/immobilier-en-espagne.com\/blog-espagne\/agences-immobilieres-valence-espagne\/\",\"name\":\"Agences immobili\u00e8res \u00e0 Valencia en Espagne. Achat et Vente.\",\"isPartOf\":{\"@id\":\"https:\/\/immobilier-en-espagne.com\/blog-espagne\/#website\"},\"primaryImageOfPage\":{\"@id\":\"https:\/\/immobilier-en-espagne.com\/blog-espagne\/agences-immobilieres-valence-espagne\/#primaryimage\"},\"image\":{\"@id\":\"https:\/\/immobilier-en-espagne.com\/blog-espagne\/agences-immobilieres-valence-espagne\/#primaryimage\"},\"thumbnailUrl\":\"https:\/\/immobilier-en-espagne.com\/blog-espagne\/wp-content\/uploads\/2018\/12\/cathedrale-valence.jpg\",\"datePublished\":\"2019-07-08T15:21:50+00:00\",\"dateModified\":\"2022-11-29T10:04:00+00:00\",\"description\":\"Retrouvez toutes les agences immobili\u00e8res \u00e0 Valencia en Espagne. Achat et vente de maisons, d'appartements \u00e0 vendre \u00e0 Valencia en Espagne.\",\"breadcrumb\":{\"@id\":\"https:\/\/immobilier-en-espagne.com\/blog-espagne\/agences-immobilieres-valence-espagne\/#breadcrumb\"},\"inLanguage\":\"fr-FR\",\"potentialAction\":[{\"@type\":\"ReadAction\",\"target\":[\"https:\/\/immobilier-en-espagne.com\/blog-espagne\/agences-immobilieres-valence-espagne\/\"]}]},{\"@type\":\"ImageObject\",\"inLanguage\":\"fr-FR\",\"@id\":\"https:\/\/immobilier-en-espagne.com\/blog-espagne\/agences-immobilieres-valence-espagne\/#primaryimage\",\"url\":\"https:\/\/immobilier-en-espagne.com\/blog-espagne\/wp-content\/uploads\/2018\/12\/cathedrale-valence.jpg\",\"contentUrl\":\"https:\/\/immobilier-en-espagne.com\/blog-espagne\/wp-content\/uploads\/2018\/12\/cathedrale-valence.jpg\",\"width\":584,\"height\":590},{\"@type\":\"BreadcrumbList\",\"@id\":\"https:\/\/immobilier-en-espagne.com\/blog-espagne\/agences-immobilieres-valence-espagne\/#breadcrumb\",\"itemListElement\":[{\"@type\":\"ListItem\",\"position\":1,\"name\":\"\u00bb Immobilier Espagne\",\"item\":\"https:\/\/immobilier-en-espagne.com\/blog-espagne\/\"},{\"@type\":\"ListItem\",\"position\":2,\"name\":\"Agences immobili\u00e8res \u00e0 Valencia en Espagne\"}]},{\"@type\":\"WebSite\",\"@id\":\"https:\/\/immobilier-en-espagne.com\/blog-espagne\/#website\",\"url\":\"https:\/\/immobilier-en-espagne.com\/blog-espagne\/\",\"name\":\"Acheter en Espagne\",\"description\":\"Achat immobilier en toute s\u00e9r\u00e9nit\u00e9\",\"publisher\":{\"@id\":\"https:\/\/immobilier-en-espagne.com\/blog-espagne\/#organization\"},\"potentialAction\":[{\"@type\":\"SearchAction\",\"target\":{\"@type\":\"EntryPoint\",\"urlTemplate\":\"https:\/\/immobilier-en-espagne.com\/blog-espagne\/?s={search_term_string}\"},\"query-input\":{\"@type\":\"PropertyValueSpecification\",\"valueRequired\":true,\"valueName\":\"search_term_string\"}}],\"inLanguage\":\"fr-FR\"},{\"@type\":\"Organization\",\"@id\":\"https:\/\/immobilier-en-espagne.com\/blog-espagne\/#organization\",\"name\":\"ESPAGNE SUPPORT & Avocats francophones partenaires\",\"url\":\"https:\/\/immobilier-en-espagne.com\/blog-espagne\/\",\"logo\":{\"@type\":\"ImageObject\",\"inLanguage\":\"fr-FR\",\"@id\":\"https:\/\/immobilier-en-espagne.com\/blog-espagne\/#\/schema\/logo\/image\/\",\"url\":\"https:\/\/immobilier-en-espagne.com\/blog-espagne\/wp-content\/uploads\/2026\/03\/logo.png\",\"contentUrl\":\"https:\/\/immobilier-en-espagne.com\/blog-espagne\/wp-content\/uploads\/2026\/03\/logo.png\",\"width\":1024,\"height\":1024,\"caption\":\"ESPAGNE SUPPORT & Avocats francophones partenaires\"},\"image\":{\"@id\":\"https:\/\/immobilier-en-espagne.com\/blog-espagne\/#\/schema\/logo\/image\/\"},\"sameAs\":[\"https:\/\/www.facebook.com\/acheterenespagne\/\"]}]}<\/script>\n<!-- \/ Yoast SEO plugin. -->","yoast_head_json":{"title":"Agences immobili\u00e8res \u00e0 Valencia en Espagne. Achat et Vente.","description":"Retrouvez toutes les agences immobili\u00e8res \u00e0 Valencia en Espagne. Achat et vente de maisons, d'appartements \u00e0 vendre \u00e0 Valencia en Espagne.","robots":{"index":"index","follow":"follow","max-snippet":"max-snippet:-1","max-image-preview":"max-image-preview:large","max-video-preview":"max-video-preview:-1"},"canonical":"https:\/\/immobilier-en-espagne.com\/blog-espagne\/agences-immobilieres-valence-espagne\/","og_locale":"fr_FR","og_type":"article","og_title":"Agences immobili\u00e8res \u00e0 Valencia en Espagne. Achat et Vente.","og_description":"Retrouvez toutes les agences immobili\u00e8res \u00e0 Valencia en Espagne. Achat et vente de maisons, d'appartements \u00e0 vendre \u00e0 Valencia en Espagne.","og_url":"https:\/\/immobilier-en-espagne.com\/blog-espagne\/agences-immobilieres-valence-espagne\/","og_site_name":"Acheter en Espagne","article_publisher":"https:\/\/www.facebook.com\/acheterenespagne\/","article_modified_time":"2022-11-29T10:04:00+00:00","og_image":[{"url":"https:\/\/immobilier-en-espagne.com\/blog-espagne\/wp-content\/uploads\/2018\/12\/cathedrale-valence.jpg","type":"","width":"","height":""}],"twitter_card":"summary_large_image","twitter_misc":{"Dur\u00e9e de lecture estim\u00e9e":"2 minutes"},"schema":{"@context":"https:\/\/schema.org","@graph":[{"@type":"WebPage","@id":"https:\/\/immobilier-en-espagne.com\/blog-espagne\/agences-immobilieres-valence-espagne\/","url":"https:\/\/immobilier-en-espagne.com\/blog-espagne\/agences-immobilieres-valence-espagne\/","name":"Agences immobili\u00e8res \u00e0 Valencia en Espagne. Achat et Vente.","isPartOf":{"@id":"https:\/\/immobilier-en-espagne.com\/blog-espagne\/#website"},"primaryImageOfPage":{"@id":"https:\/\/immobilier-en-espagne.com\/blog-espagne\/agences-immobilieres-valence-espagne\/#primaryimage"},"image":{"@id":"https:\/\/immobilier-en-espagne.com\/blog-espagne\/agences-immobilieres-valence-espagne\/#primaryimage"},"thumbnailUrl":"https:\/\/immobilier-en-espagne.com\/blog-espagne\/wp-content\/uploads\/2018\/12\/cathedrale-valence.jpg","datePublished":"2019-07-08T15:21:50+00:00","dateModified":"2022-11-29T10:04:00+00:00","description":"Retrouvez toutes les agences immobili\u00e8res \u00e0 Valencia en Espagne. Achat et vente de maisons, d'appartements \u00e0 vendre \u00e0 Valencia en Espagne.","breadcrumb":{"@id":"https:\/\/immobilier-en-espagne.com\/blog-espagne\/agences-immobilieres-valence-espagne\/#breadcrumb"},"inLanguage":"fr-FR","potentialAction":[{"@type":"ReadAction","target":["https:\/\/immobilier-en-espagne.com\/blog-espagne\/agences-immobilieres-valence-espagne\/"]}]},{"@type":"ImageObject","inLanguage":"fr-FR","@id":"https:\/\/immobilier-en-espagne.com\/blog-espagne\/agences-immobilieres-valence-espagne\/#primaryimage","url":"https:\/\/immobilier-en-espagne.com\/blog-espagne\/wp-content\/uploads\/2018\/12\/cathedrale-valence.jpg","contentUrl":"https:\/\/immobilier-en-espagne.com\/blog-espagne\/wp-content\/uploads\/2018\/12\/cathedrale-valence.jpg","width":584,"height":590},{"@type":"BreadcrumbList","@id":"https:\/\/immobilier-en-espagne.com\/blog-espagne\/agences-immobilieres-valence-espagne\/#breadcrumb","itemListElement":[{"@type":"ListItem","position":1,"name":"\u00bb Immobilier Espagne","item":"https:\/\/immobilier-en-espagne.com\/blog-espagne\/"},{"@type":"ListItem","position":2,"name":"Agences immobili\u00e8res \u00e0 Valencia en Espagne"}]},{"@type":"WebSite","@id":"https:\/\/immobilier-en-espagne.com\/blog-espagne\/#website","url":"https:\/\/immobilier-en-espagne.com\/blog-espagne\/","name":"Acheter en Espagne","description":"Achat immobilier en toute s\u00e9r\u00e9nit\u00e9","publisher":{"@id":"https:\/\/immobilier-en-espagne.com\/blog-espagne\/#organization"},"potentialAction":[{"@type":"SearchAction","target":{"@type":"EntryPoint","urlTemplate":"https:\/\/immobilier-en-espagne.com\/blog-espagne\/?s={search_term_string}"},"query-input":{"@type":"PropertyValueSpecification","valueRequired":true,"valueName":"search_term_string"}}],"inLanguage":"fr-FR"},{"@type":"Organization","@id":"https:\/\/immobilier-en-espagne.com\/blog-espagne\/#organization","name":"ESPAGNE SUPPORT & Avocats francophones partenaires","url":"https:\/\/immobilier-en-espagne.com\/blog-espagne\/","logo":{"@type":"ImageObject","inLanguage":"fr-FR","@id":"https:\/\/immobilier-en-espagne.com\/blog-espagne\/#\/schema\/logo\/image\/","url":"https:\/\/immobilier-en-espagne.com\/blog-espagne\/wp-content\/uploads\/2026\/03\/logo.png","contentUrl":"https:\/\/immobilier-en-espagne.com\/blog-espagne\/wp-content\/uploads\/2026\/03\/logo.png","width":1024,"height":1024,"caption":"ESPAGNE SUPPORT & Avocats francophones partenaires"},"image":{"@id":"https:\/\/immobilier-en-espagne.com\/blog-espagne\/#\/schema\/logo\/image\/"},"sameAs":["https:\/\/www.facebook.com\/acheterenespagne\/"]}]}},"_links":{"self":[{"href":"https:\/\/immobilier-en-espagne.com\/blog-espagne\/wp-json\/wp\/v2\/pages\/3016","targetHints":{"allow":["GET"]}}],"collection":[{"href":"https:\/\/immobilier-en-espagne.com\/blog-espagne\/wp-json\/wp\/v2\/pages"}],"about":[{"href":"https:\/\/immobilier-en-espagne.com\/blog-espagne\/wp-json\/wp\/v2\/types\/page"}],"author":[{"embeddable":true,"href":"https:\/\/immobilier-en-espagne.com\/blog-espagne\/wp-json\/wp\/v2\/users\/1"}],"replies":[{"embeddable":true,"href":"https:\/\/immobilier-en-espagne.com\/blog-espagne\/wp-json\/wp\/v2\/comments?post=3016"}],"version-history":[{"count":3,"href":"https:\/\/immobilier-en-espagne.com\/blog-espagne\/wp-json\/wp\/v2\/pages\/3016\/revisions"}],"predecessor-version":[{"id":6179,"href":"https:\/\/immobilier-en-espagne.com\/blog-espagne\/wp-json\/wp\/v2\/pages\/3016\/revisions\/6179"}],"wp:attachment":[{"href":"https:\/\/immobilier-en-espagne.com\/blog-espagne\/wp-json\/wp\/v2\/media?parent=3016"}],"curies":[{"name":"wp","href":"https:\/\/api.w.org\/{rel}","templated":true}]}}